{"version":"1.0","provider_name":"Mindenegyben","provider_url":"https:\/\/mindenegyben.cafeblog.hu","author_name":"K\u00f6ly\u00f6kzs\u00far","author_url":"https:\/\/mindenegyben.cafeblog.hu\/author\/anikokrisz71freemail-hu\/","title":"Novemberi forr\u00f3 \u00e9jszaka Nagy-Britanni\u00e1ban - Bonfire Night","html":"A vil\u00e1g sz\u00e1mos t\u00e1j\u00e1n \u00fcnnepelnek \u0151sszel. Nemcsak a halottak napj\u00e1ra eml\u00e9kezve.\r\n\r\n<!--more-->\r\n\r\nGuy Fawkes \u00c9jszaka, avagy a M\u00e1glya \u00e9jszaka (Bonfire Night)\r\n\r\n[caption id=\"\" align=\"aligncenter\" width=\"506\" class=\" \"]<img class=\"\" src=\"https:\/\/mindenegyben.cafeblog.hu\/files\/2014\/10\/autumn-celebrations-bonfire-day-bridge.jpg\" alt=\"\" width=\"506\" height=\"380\" \/> Forr\u00e1s:www.all-that-is-interesting.com[\/caption]\r\n\r\nNagy-Britanni\u00e1ban \u00e9vente megrendezett hagyom\u00e1nyos \u00fcnneps\u00e9g, mely az 1605 november 5-\u00e9n t\u00f6rt\u00e9nt \"Puskapor terv\" buk\u00e1s\u00e1nak \u00e1ll\u00edt eml\u00e9ket. Egy katolikus csoport \u00f6sszeesk\u00fcv\u00e9st sz\u0151tt, meg akart\u00e1k \u00f6lni I.Jakab kir\u00e1lyt, felrobbantani a parlamentet a protest\u00e1ns vall\u00e1s\u00fa tagjaival egy\u00fctt, valamint a kir\u00e1lyi csal\u00e1d gyermekeinek elrabl\u00e1sa \u00e9s felkel\u00e9s kirobbant\u00e1sa is c\u00e9ljaik k\u00f6z\u00f6tt szerepelt. A csoport legismertebb tagja Guy Fawkes volt, ez\u00e9rt r\u00f3la nevezt\u00e9k el az \u00fcnneps\u00e9get.\r\n\r\n&nbsp;\r\n\r\n[caption id=\"\" align=\"aligncenter\" width=\"296\" class=\" \"]<img class=\"\" src=\"https:\/\/mindenegyben.cafeblog.hu\/files\/2014\/10\/Guy_Fawkes_portrait.jpg\" alt=\"\" width=\"296\" height=\"394\" \/> Forr\u00e1s:www.theschoolrun.com[\/caption]\r\n\r\nAz \u00f6sszeesk\u00fcv\u00e9s leleplez\u0151d\u00f6tt m\u00e9g miel\u0151tt b\u00e1rmi t\u00f6rt\u00e9nt volna. Mindannyiukat letart\u00f3ztatt\u00e1k, az \u00edt\u00e9let ut\u00e1n felakasztott\u00e1k valamennyit, lovakkal h\u00fazatt\u00e1k \u0151ket, majd v\u00e9g\u00fcl feln\u00e9gyelt\u00e9k a halottakat. Legutols\u00f3nak maradt Guy Fawkes, aki az akaszt\u00e1s sor\u00e1n leugrott, \u00edgy nyak\u00e1t t\u00f6rte, ezzel megmenek\u00fclt a t\u00f6bbi k\u00ednz\u00e1st\u00f3l.\r\n\r\n[caption id=\"\" align=\"aligncenter\" width=\"537\" class=\" \"]<img src=\"https:\/\/mindenegyben.cafeblog.hu\/files\/2014\/10\/1280px-Windsor_castle_guyfawkesnight1776.jpg\" alt=\"\" width=\"537\" height=\"349\" \/> Forr\u00e1s:www.wikipedia.org[\/caption]\r\n\r\nNovember 5-\u00e9n az emberek a kir\u00e1ly megmenek\u00fcl\u00e9s\u00e9t London szerte meggy\u00fajtott m\u00e1gly\u00e1val \u00fcnnepelt\u00e9k. Ezt a hagyom\u00e1nyt vitt\u00e9k tov\u00e1bb \u00e9vsz\u00e1zadokon \u00e1t az emberek \u00e9s m\u00e9g ma is megeml\u00e9keznek az esem\u00e9nyekr\u0151l.\r\n\r\n[caption id=\"\" align=\"aligncenter\" width=\"514\" class=\" \"]<img class=\"\" src=\"https:\/\/mindenegyben.cafeblog.hu\/files\/2014\/10\/autumn-celebrations-bonfire-day.jpg\" alt=\"\" width=\"514\" height=\"360\" \/> Forr\u00e1s:www.all-that-is-interesting.com[\/caption]\r\n\r\nA szok\u00e1s szerint a gyerekek pap\u00edrhullad\u00e9kb\u00f3l elk\u00e9sz\u00edtik Guy Fawkes hasonm\u00e1s\u00e1t, majd el\u00e9getik azt.\r\n\r\n[caption id=\"\" align=\"aligncenter\" width=\"511\" class=\" \"]<img class=\"\" src=\"https:\/\/mindenegyben.cafeblog.hu\/files\/2014\/10\/slide_323982_3085435_free.jpg\" alt=\"\" width=\"511\" height=\"346\" \/> Forr\u00e1s:http:\/\/www.huffingtonpost.co.uk\/[\/caption]\r\n\r\nT\u0171zij\u00e1t\u00e9k k\u00eds\u00e9ret\u00e9ben \u00e9gnek a m\u00e1gly\u00e1k orsz\u00e1gszerte. November els\u0151 het\u00e9ben id\u00e9n is rengeteg helyen lesznek t\u0171zij\u00e1t\u00e9kok. Ha valaki \u00e9pp akkor lesz Nagy-Britanni\u00e1ban akkor n\u00e9h\u00e1ny szervezett programot <a href=\"http:\/\/www.visitlondon.com\/tag\/bonfire-night\" target=\"_blank\">itt tal\u00e1lhat.<\/a>\r\n\r\n[caption id=\"\" align=\"aligncenter\" width=\"602\" class=\" \"]<img class=\"\" src=\"https:\/\/mindenegyben.cafeblog.hu\/files\/2014\/10\/ottery-tar-barrels-5090-web.jpg\" alt=\"\" width=\"602\" height=\"402\" \/> Forr\u00e1s:www.martinlovellphotography.co.uk[\/caption]\r\n\r\n[caption id=\"\" align=\"aligncenter\" width=\"591\" class=\" \"]<img class=\"\" src=\"https:\/\/mindenegyben.cafeblog.hu\/files\/2014\/10\/autumn-celebrations-bonfire-day-vikings.jpg\" alt=\"\" width=\"591\" height=\"371\" \/> Forr\u00e1s:www.all-that-is-interesting.com[\/caption]\r\n\r\nEzen a napon k\u00fcl\u00f6nleges \u00e9teleket k\u00e9sz\u00edtenek, p\u00e9ld\u00e1ul a m\u00e1glya t\u00fcz\u00e9ben s\u00fclt krumpli, vagy a karamell m\u00e1glya, gy\u00f6mb\u00e9res s\u00fcti.\r\n\r\n[caption id=\"\" align=\"aligncenter\" width=\"534\" class=\" \"]<img class=\"\" src=\"https:\/\/mindenegyben.cafeblog.hu\/files\/2014\/10\/istock_bonfirenight.jpg\" alt=\"\" width=\"534\" height=\"356\" \/> Forr\u00e1s:www.lovefood.com[\/caption]\r\n\r\n[caption id=\"\" align=\"aligncenter\" width=\"537\" class=\" \"]<img class=\"\" src=\"https:\/\/mindenegyben.cafeblog.hu\/files\/2014\/10\/dsc_0128.jpg\" alt=\"\" width=\"537\" height=\"360\" \/> Forr\u00e1s:kelliesfoodtoglow.com[\/caption]\r\n\r\nIlyenkor a t\u00f6rt\u00e9nethez kapcsol\u00f3d\u00f3 mond\u00f3k\u00e1kat \u00e9s dalocsk\u00e1kat \u00e9nekelnek, \u00e9s korh\u0171 jelmezekbe \u00f6lt\u00f6znek.\r\n\r\n[caption id=\"\" align=\"aligncenter\" width=\"555\" class=\" \"]<img class=\"\" src=\"https:\/\/mindenegyben.cafeblog.hu\/files\/2014\/10\/autumn-celebrations-bonfire-day-costumes.jpg\" alt=\"\" width=\"555\" height=\"370\" \/> Forr\u00e1s:www.all-that-is-interesting.com[\/caption]\r\n\r\nB\u00e1rki felveheti Guy Fawkes-r\u00f3l mint\u00e1zott maszkot is.\r\n\r\n[caption id=\"\" align=\"aligncenter\" width=\"360\" class=\" \"]<img class=\"\" src=\"https:\/\/mindenegyben.cafeblog.hu\/files\/2014\/10\/7912625.jpg\" alt=\"\" width=\"360\" height=\"433\" \/> Forr\u00e1s:http:\/\/www.stuff.co.nz\/[\/caption]\r\n\r\n&nbsp;\r\n<p style=\"text-align: center\"><a href=\"http:\/\/www.pelikan.hu?a_aid=51deb64db2a25\" target=\"_blank\"><img class=\"alignnone  wp-image-697\" src=\"https:\/\/mindenegyben.cafeblog.hu\/files\/2014\/10\/fesztiv\u00e1l-300x218.jpg\" alt=\"fesztiv\u00e1l\" width=\"332\" height=\"241\" \/><\/a><\/p>","type":"rich","thumbnail_url":"https:\/\/mindenegyben.cafeblog.hu\/files\/2014\/10\/slide_323982_3085435_free-150x150.jpg","thumbnail_width":150,"thumbnail_height":150}